{"id":149,"date":"2023-05-22T11:49:23","date_gmt":"2023-05-22T10:49:23","guid":{"rendered":"https:\/\/aalisboa.com.pt\/2023\/?page_id=149"},"modified":"2025-03-20T15:59:19","modified_gmt":"2025-03-20T15:59:19","slug":"clubes-filiados","status":"publish","type":"page","link":"https:\/\/aalisboa.com.pt\/2023\/clubes-filiados\/","title":{"rendered":"Clubes Filiados"},"content":{"rendered":"\t\t<div data-elementor-type=\"wp-page\" data-elementor-id=\"149\" class=\"elementor elementor-149\" data-elementor-post-type=\"page\">\n\t\t\t\t<div class=\"elementor-element elementor-element-137df88d e-flex e-con-boxed e-con e-parent\" data-id=\"137df88d\" data-element_type=\"container\">\n\t\t\t\t\t<div class=\"e-con-inner\">\n\t\t\t\t<div class=\"elementor-element elementor-element-46b13261 elementor-widget elementor-widget-text-editor\" data-id=\"46b13261\" data-element_type=\"widget\" data-widget_type=\"text-editor.default\">\n\t\t\t\t<div class=\"elementor-widget-container\">\n\t\t\t\t\t\t\t\t\t<figure>\n<table>\n<tbody>\n<tr>\n<td><img decoding=\"async\" src=\"https:\/\/aalisboa.files.wordpress.com\/2023\/04\/image-11.png?w=226\" alt=\"\" width=\"76\" height=\"75\" \/><a href=\"https:\/\/aamafra.com\/\">ASSOCIA\u00c7\u00c3O DOS AMIGOS DO ATLETISMO DE MAFRA<\/a><\/td>\n<td><img decoding=\"async\" src=\"https:\/\/aalisboa.com.pt\/2023\/wp-content\/uploads\/2023\/05\/image-12.png\" alt=\"\" width=\"80\" height=\"80\" \/>ASSOCIA\u00c7\u00c3O ATL\u00c9TICA DO P\u00caGO LONGO<\/td>\n<td><img decoding=\"async\" src=\"https:\/\/aalisboa.files.wordpress.com\/2023\/04\/image-37.png?w=317\" alt=\"\" width=\"80\" height=\"80\" \/>ASSOC. CULT. DESP. DOS COLABORADORES DO GRUPO BANCO COMERCIAL PORTUGU\u00caS<\/td>\n<\/tr>\n<tr>\n<td><img loading=\"lazy\" decoding=\"async\" src=\"https:\/\/aalisboa.com.pt\/2023\/wp-content\/uploads\/2023\/05\/image.png\" alt=\"\" width=\"80\" height=\"80\" \/><a href=\"https:\/\/www.facebook.com\/acrmealhada\/?locale=pt_PT\">ASSOCIA\u00c7\u00c3O CULTURAL E RECREATIVA DA MEALHADA<\/a><\/td>\n<td><img loading=\"lazy\" decoding=\"async\" src=\"https:\/\/aalisboa.files.wordpress.com\/2023\/04\/image-13.png?w=210\" alt=\"\" width=\"80\" height=\"80\" \/><br \/><a href=\"https:\/\/www.facebook.com\/adla.leoesapelaconenses\/?locale=pt_PT\">ASSOCIA\u00c7\u00c3O DESPORTIVA LE\u00d5ES APELA\u00c7ONENSES<\/a><\/td>\n<td><img loading=\"lazy\" decoding=\"async\" src=\"https:\/\/aalisboa.files.wordpress.com\/2023\/04\/image-14.png?w=225\" alt=\"\" width=\"80\" height=\"80\" \/><br \/><a href=\"https:\/\/www.facebook.com\/NucleOeiras\/?locale=pt_PT\">ASSOCIA\u00c7\u00c3O DESPORTIVA NUCLOEIRAS \u2013 ADNO<\/a><\/td>\n<\/tr>\n<tr>\n<td><img decoding=\"async\" src=\"https:\/\/aalisboa.files.wordpress.com\/2023\/04\/image-16.png?w=427\" alt=\"\" \/>\u00a0<a href=\"https:\/\/associacaojorgepina.pt\/\">ASSOCIA\u00c7\u00c3O JORGE PINA<\/a><\/td>\n<td><img loading=\"lazy\" decoding=\"async\" src=\"https:\/\/aalisboa.files.wordpress.com\/2023\/04\/image-39.png?w=502\" alt=\"\" width=\"80\" height=\"80\" \/><a href=\"https:\/\/associativismo.cm-vfxira.pt\/index.php\/ass-2600tr\">ASSOCIA\u00c7\u00c3O 2600TR<\/a><\/td>\n<td><img loading=\"lazy\" decoding=\"async\" src=\"https:\/\/aalisboa.files.wordpress.com\/2023\/04\/image-40.png?w=190\" alt=\"\" width=\"80\" height=\"80\" \/><a href=\"https:\/\/correrlisboa.com\/lisboa\/\">ASSOCIA\u00c7\u00c3O CORRER LISBOA<\/a><\/td>\n<\/tr>\n<tr>\n<td><img loading=\"lazy\" decoding=\"async\" src=\"https:\/\/aalisboa.files.wordpress.com\/2023\/04\/image-41.png?w=269\" alt=\"\" width=\"80\" height=\"80\" \/><a href=\"https:\/\/cnpn.pt\/\">ASSOCIA\u00c7\u00c3O CORRIDA NOTURNA PARQUE DAS NA\u00c7\u00d5ES \u2013 CNPN<\/a><\/td>\n<td><img loading=\"lazy\" decoding=\"async\" src=\"https:\/\/aalisboa.files.wordpress.com\/2023\/04\/image-42.png?w=262\" alt=\"\" width=\"80\" height=\"80\" \/><a href=\"https:\/\/www.facebook.com\/acrmealhada\/info\/?ref=page_internal&amp;locale=pt_BR\">ASSOCIA\u00c7\u00c3O CULTURAL E RECREATIVA DA MEALHADA<\/a><\/td>\n<td><img loading=\"lazy\" decoding=\"async\" src=\"https:\/\/aalisboa.files.wordpress.com\/2023\/04\/image-43.png?w=226\" alt=\"\" width=\"80\" height=\"80\" \/><a href=\"https:\/\/www.facebook.com\/amcr.fontegrada\/?locale=pt_PT\">ASSOCIA\u00c7\u00c3O DE MORADORES CULTURA E RECREIO DA FONTE GRADA<\/a><\/td>\n<\/tr>\n<tr>\n<td><img loading=\"lazy\" decoding=\"async\" src=\"https:\/\/aalisboa.files.wordpress.com\/2023\/04\/image-44.png?w=283\" alt=\"\" width=\"80\" height=\"80\" \/><a href=\"https:\/\/www.apcl.org.pt\/\">ASSOCIA\u00c7\u00c3O DE PARALISIA CEREBRAL DE LISBOA<\/a><\/td>\n<td><img loading=\"lazy\" decoding=\"async\" src=\"https:\/\/aalisboa.files.wordpress.com\/2023\/04\/image-45.png?w=120\" alt=\"\" width=\"80\" height=\"80\" \/><a href=\"https:\/\/m.facebook.com\/people\/Associa%C3%A7%C3%A3o-Desportiva-De-Palmeiros-Sintra\/100076045371395\/\">ASSOCIA\u00c7\u00c3O DESPORTIVA DE PALMEIROS<\/a><\/td>\n<td><img loading=\"lazy\" decoding=\"async\" src=\"https:\/\/aalisboa.files.wordpress.com\/2023\/04\/image-17.png?w=434\" alt=\"\" width=\"155\" height=\"37\" \/><br \/><a href=\"https:\/\/associacaovalegrande.pt\/\">ASSOCIA\u00c7\u00c3O S\u00d3CIO CULTURAL DO VALE GRANDE<\/a><\/td>\n<\/tr>\n<tr>\n<td><img loading=\"lazy\" decoding=\"async\" src=\"https:\/\/aalisboa.files.wordpress.com\/2023\/04\/image-46.png?w=525\" alt=\"\" width=\"80\" height=\"80\" \/><a href=\"https:\/\/www.facebook.com\/Gorunnersportugal\/?locale=pt_PT\">ASSOCIA\u00c7\u00c3O DESPORTIVA GORUNNERS<\/a><\/td>\n<td><img loading=\"lazy\" decoding=\"async\" src=\"https:\/\/aalisboa.files.wordpress.com\/2023\/04\/image-47.png?w=301\" alt=\"\" width=\"80\" height=\"80\" \/><a href=\"https:\/\/www.facebook.com\/NovasLuzes\/?locale=pt_PT\">ASSOCIA\u00c7\u00c3O DESPORTIVA NOVAS LUZES<\/a><\/td>\n<td><img loading=\"lazy\" decoding=\"async\" src=\"https:\/\/aalisboa.files.wordpress.com\/2023\/04\/image-48.png?w=313\" alt=\"\" width=\"80\" height=\"80\" \/><a href=\"https:\/\/www.facebook.com\/groups\/trilhosdocostume\/?locale=pt_BR\">\u00a0ASSOCIA\u00c7\u00c3O DESPORTIVA TRILHOS DO COSTUME<\/a><\/td>\n<\/tr>\n<tr>\n<td><img loading=\"lazy\" decoding=\"async\" src=\"https:\/\/aalisboa.files.wordpress.com\/2023\/04\/image-49.png?w=225\" alt=\"\" width=\"80\" height=\"80\" \/><a href=\"https:\/\/www.facebook.com\/people\/Free-RunnersIDentPrint\/100075716783717\/\">ASSOCIA\u00c7\u00c3O FREE RUNNERS<\/a><\/td>\n<td><img loading=\"lazy\" decoding=\"async\" src=\"https:\/\/aalisboa.files.wordpress.com\/2023\/04\/image-50.png?w=478\" alt=\"\" width=\"80\" height=\"80\" \/><a href=\"https:\/\/www.facebook.com\/AssociacaoHelioFumo\">ASSOCIA\u00c7\u00c3O H\u00c9LIO FUMO INCLUS\u00c3O SOCIAL PELO DESPORTO<\/a><\/td>\n<td><img loading=\"lazy\" decoding=\"async\" src=\"https:\/\/aalisboa.files.wordpress.com\/2023\/04\/image-51.png?w=737\" alt=\"\" width=\"80\" height=\"80\" \/><a href=\"https:\/\/www.facebook.com\/associacaotoledo\/?locale=pt_PT\">ASSOCIA\u00c7\u00c3O RECREATIVA SOCIAL E CULTURAL DE TOLEDO<\/a><\/td>\n<\/tr>\n<tr>\n<td><img loading=\"lazy\" decoding=\"async\" src=\"https:\/\/aalisboa.files.wordpress.com\/2023\/04\/image-52.png?w=174\" alt=\"\" width=\"80\" height=\"80\" \/><a href=\"https:\/\/www.runtejo.pt\/\">ASSOCIA\u00c7\u00c3O RUN TEJO<\/a><\/td>\n<td><img loading=\"lazy\" decoding=\"async\" src=\"https:\/\/aalisboa.files.wordpress.com\/2023\/04\/image-53.png?w=192\" alt=\"\" width=\"80\" height=\"80\" \/><a href=\"https:\/\/walkandrun.pt\/\">ASSOCIA\u00c7\u00c3O WALK AND RUN PORTUGAL<\/a><\/td>\n<td><img loading=\"lazy\" decoding=\"async\" src=\"https:\/\/aalisboa.files.wordpress.com\/2023\/04\/image-54.png?w=223\" alt=\"\" width=\"80\" height=\"80\" \/><a href=\"https:\/\/www.facebook.com\/groups\/ccavlisboa\/?locale=pt_PT\">CASA DO CONCELHO DE ARCOS DE VALDEVEZ<\/a><\/td>\n<\/tr>\n<tr>\n<td><img loading=\"lazy\" decoding=\"async\" src=\"https:\/\/aalisboa.files.wordpress.com\/2023\/04\/image-18.png?w=227\" alt=\"\" width=\"80\" height=\"80\" \/><a href=\"https:\/\/www.amigosdebelem.com\/\">CLUBE ATLETISMO AMIGOS DE BEL\u00c9M \u2013 C.A.A.B<\/a><\/td>\n<td><img loading=\"lazy\" decoding=\"async\" src=\"https:\/\/aalisboa.files.wordpress.com\/2023\/04\/image-19.png?w=225\" alt=\"\" width=\"80\" height=\"80\" \/><a href=\"https:\/\/centroatletismogalinheiras.wordpress.com\/\">CENTRO DE ATLETISMO DAS GALINHEIRAS<\/a><\/td>\n<td><img loading=\"lazy\" decoding=\"async\" src=\"https:\/\/aalisboa.files.wordpress.com\/2023\/04\/image-20.png?w=225\" srcset=\"https:\/\/aalisboa.files.wordpress.com\/2023\/04\/image-20.png?w=80 80w, https:\/\/aalisboa.files.wordpress.com\/2023\/04\/image-20.png?w=160 160w, https:\/\/aalisboa.files.wordpress.com\/2023\/04\/image-20.png?w=150 150w\" alt=\"\" width=\"80\" height=\"80\" \/><a href=\"https:\/\/academicopenafirme.com\/\">CLUBE ACAD\u00c9MICO DE PENAFIRME<\/a><\/td>\n<\/tr>\n<tr>\n<td><img loading=\"lazy\" decoding=\"async\" src=\"https:\/\/aalisboa.files.wordpress.com\/2023\/04\/image-22.png?w=225\" alt=\"\" width=\"80\" height=\"80\" \/><br \/><a href=\"https:\/\/www.manique.salesianos.pt\/atividades\/clube-de-atletismo-fundacao-salesianos-manique\/\">CLUBE DE ATLETISMO SALESIANOS DE MANIQUE<\/a><\/td>\n<td><img loading=\"lazy\" decoding=\"async\" src=\"https:\/\/aalisboa.files.wordpress.com\/2023\/04\/image-23.png?w=234\" alt=\"\" width=\"80\" height=\"80\" \/><br \/><a href=\"https:\/\/miguelbalasteiro.wixsite.com\/ca-vale-figueira\">CLUBE ATLETISMO DE VALE DE FIGUEIRA<\/a><\/td>\n<td><img loading=\"lazy\" decoding=\"async\" src=\"https:\/\/aalisboa.files.wordpress.com\/2023\/04\/image-24.png?w=225\" alt=\"\" width=\"80\" height=\"80\" \/><br \/><a href=\"https:\/\/www.facebook.com\/casadobenficaamm\/?locale=pt_PT\">CASA DO BENFICA EM ALGUEIR\u00c3O MEM MARTINS \u2013 SINTRA<\/a><\/td>\n<\/tr>\n<tr>\n<td><img loading=\"lazy\" decoding=\"async\" src=\"https:\/\/aalisboa.files.wordpress.com\/2023\/04\/image-25.png?w=225\" alt=\"\" width=\"80\" height=\"80\" \/><br \/><a href=\"https:\/\/www.facebook.com\/cbtorresvedras\/?locale=pt_BR\">CASA DO BENFICA DE TORRES VEDRAS<\/a><\/td>\n<td><img loading=\"lazy\" decoding=\"async\" src=\"https:\/\/aalisboa.files.wordpress.com\/2023\/04\/image-56.png?w=225\" alt=\"\" width=\"80\" height=\"80\" \/><a href=\"https:\/\/ccdsintrense.com\/\">CENTRO DE CULTURA E DESPORTO SINTRENSE<\/a><\/td>\n<td><img loading=\"lazy\" decoding=\"async\" src=\"https:\/\/aalisboa.files.wordpress.com\/2023\/04\/image-26.png?w=225\" alt=\"\" width=\"80\" height=\"80\" \/><br \/><a href=\"https:\/\/www.facebook.com\/CDOMoscavide\/\">CLUBE DESPORTIVO DOS OLIVAIS E MOSCAVIDE<\/a><\/td>\n<\/tr>\n<tr>\n<td><img loading=\"lazy\" decoding=\"async\" src=\"https:\/\/aalisboa.files.wordpress.com\/2023\/04\/image-27.png?w=1024\" alt=\"\" width=\"80\" height=\"80\" \/><br \/><a href=\"https:\/\/www.cdul.pt\/pt\/content\/pages\/3379\">CENTRO DESPORTIVO UNIVERSIT\u00c1RIO DE LISBOA<\/a><\/td>\n<td><img loading=\"lazy\" decoding=\"async\" src=\"https:\/\/aalisboa.files.wordpress.com\/2023\/04\/image-57.png?w=371\" alt=\"\" width=\"80\" height=\"80\" \/><a href=\"https:\/\/www.facebook.com\/people\/Clube-Brisa\/100064696506314\/\">CLUBE BRISA<\/a><\/td>\n<td><img loading=\"lazy\" decoding=\"async\" src=\"https:\/\/aalisboa.files.wordpress.com\/2023\/04\/image-28.png?w=199\" alt=\"\" width=\"80\" height=\"80\" \/><a href=\"https:\/\/www.osbelenenses.com\/\">CLUBE DE FUTEBOL OS BELENENSES<\/a><\/td>\n<\/tr>\n<tr>\n<td><img loading=\"lazy\" decoding=\"async\" src=\"https:\/\/aalisboa.files.wordpress.com\/2023\/04\/image-58.png?w=225\" alt=\"\" width=\"80\" height=\"80\" \/>CLUBE DE ATLETISMO DE SINTRA<\/td>\n<td><img loading=\"lazy\" decoding=\"async\" src=\"https:\/\/aalisboa.files.wordpress.com\/2023\/04\/image-59.png?w=547\" alt=\"\" width=\"80\" height=\"80\" \/><a href=\"https:\/\/www.facebook.com\/people\/Clube-de-Atletismo-do-Oeste\/100057584465529\/\">CLUBE DE ATLETISMO DO OESTE<\/a><\/td>\n<td><img loading=\"lazy\" decoding=\"async\" src=\"https:\/\/aalisboa.files.wordpress.com\/2023\/04\/image-60.png?w=200\" alt=\"\" width=\"80\" height=\"80\" \/><a href=\"https:\/\/run4f.blogspot.com\/p\/clube-run4fun.html?m=1\">CLUBE DE PRATICANTES DE CORRIDA \u2013 RUN 4 FUN<\/a><\/td>\n<\/tr>\n<tr>\n<td><img loading=\"lazy\" decoding=\"async\" src=\"https:\/\/aalisboa.files.wordpress.com\/2023\/04\/image-61.png?w=481\" alt=\"\" width=\"80\" height=\"80\" \/><a href=\"https:\/\/www.facebook.com\/people\/Os-Galgos\/100063276006973\/?locale=pt_BR\">CLUBE DESPORTIVO OS GALGOS AUDAZES<\/a><\/td>\n<td><img loading=\"lazy\" decoding=\"async\" src=\"https:\/\/aalisboa.files.wordpress.com\/2023\/04\/image-62.png?w=225\" alt=\"\" width=\"80\" height=\"80\" \/><a href=\"https:\/\/www.clubetap.com\/\">CLUBE TAP PORTUGAL<\/a><\/td>\n<td><img loading=\"lazy\" decoding=\"async\" src=\"https:\/\/aalisboa.files.wordpress.com\/2023\/04\/image-63.png?w=222\" alt=\"\" width=\"80\" height=\"80\" \/><a href=\"https:\/\/monsantorunningteam.pt\/\">CTMRT CLUBE MONSANTO RUNNING TEAM<\/a><\/td>\n<\/tr>\n<tr>\n<td><img loading=\"lazy\" decoding=\"async\" src=\"https:\/\/aalisboa.files.wordpress.com\/2023\/04\/image-29.png?w=214\" alt=\"\" width=\"80\" height=\"80\" \/>C\u00c2MARA LISBOA CLUBE<\/td>\n<td><img loading=\"lazy\" decoding=\"async\" src=\"https:\/\/aalisboa.files.wordpress.com\/2023\/04\/image-30.png?w=200\" alt=\"\" width=\"80\" height=\"80\" \/><a href=\"https:\/\/oriental.pt\/\">CLUBE ORIENTAL DE LISBOA<\/a><\/td>\n<td><img loading=\"lazy\" decoding=\"async\" src=\"https:\/\/aalisboa.files.wordpress.com\/2023\/04\/image-31.png?w=225\" alt=\"\" width=\"80\" height=\"80\" \/><br \/><a href=\"https:\/\/www.clubeolimpicodeoeiras.com\/site\/\">CLUBE OL\u00cdMPICO DE OEIRAS<\/a><\/td>\n<\/tr>\n<tr>\n<td><img loading=\"lazy\" decoding=\"async\" src=\"https:\/\/aalisboa.files.wordpress.com\/2023\/04\/image-32.png?w=210\" alt=\"\" width=\"80\" height=\"80\" \/><a href=\"https:\/\/www.cascais.pt\/contactos\/desportivo-monte-real\">DESPORTIVO MONTE REAL<\/a><\/td>\n<td><img loading=\"lazy\" decoding=\"async\" src=\"https:\/\/aalisboa.files.wordpress.com\/2023\/04\/image-64.png?w=252\" alt=\"\" width=\"80\" height=\"80\" \/><a href=\"https:\/\/www.dorangel.pt\/\">DESPORTIVO OPER\u00c1RIO DO RANGEL<\/a><\/td>\n<td><img loading=\"lazy\" decoding=\"async\" src=\"https:\/\/aalisboa.files.wordpress.com\/2023\/04\/image-65.png?w=350\" alt=\"\" width=\"80\" height=\"80\" \/><a href=\"https:\/\/associativismo.cm-vfxira.pt\/index.php\/destinolimpico-associacao-de-desportos-urbanos-de-alverca\/81-associacoes\/contactos\/contactos-alverca-do-ribatejo\/1516-destinolimpico-associacao-de-desportos-urbanos-de-alverca\">DESTINOLIMPICO, ASSOCIA\u00c7\u00c3O DE DESPORTOS URBANOS DE ALVERCA<\/a><\/td>\n<\/tr>\n<tr>\n<td><img loading=\"lazy\" decoding=\"async\" src=\"https:\/\/aalisboa.files.wordpress.com\/2023\/04\/image-33.png?w=100\" alt=\"\" width=\"80\" height=\"80\" \/><br \/><a href=\"http:\/\/emds.edu.pt\/\">ESCOLA B\u00c1SICA E SECUND\u00c1RIA MESTRE DOMINGOS SARAIVA<\/a><\/td>\n<td><img loading=\"lazy\" decoding=\"async\" src=\"https:\/\/aalisboa.files.wordpress.com\/2023\/04\/image-34.png?w=225\" alt=\"\" width=\"80\" height=\"80\" \/><br \/><a href=\"https:\/\/www.facebook.com\/EVELXS\/photos\/\">EVELX -ASSOCIA\u00c7\u00c3O DE ESTILOS DE VIDA SAUD\u00c1VEL<\/a><\/td>\n<td><img loading=\"lazy\" decoding=\"async\" src=\"https:\/\/aalisboa.files.wordpress.com\/2023\/04\/image-35.png?w=225\" alt=\"\" width=\"80\" height=\"80\" \/><br \/><a href=\"https:\/\/www.facebook.com\/fcr.rossao\/?locale=pt_PT\">FUTEBOL CLUBE RECREATIVO DO ROSS\u00c3O<\/a><\/td>\n<\/tr>\n<tr>\n<td><img loading=\"lazy\" decoding=\"async\" src=\"https:\/\/aalisboa.com.pt\/2023\/wp-content\/uploads\/2025\/03\/GRUPO-DESPORTIVO-CULTURAL-E-RECREATIVO-DE-MATOS-VELHOS.png\" alt=\"\" width=\"80\" height=\"80\" \/><a href=\"http:\/\/www.sfraa.pt\/\"> GRUPO DESPORTIVO CULTURAL E RECREATIVO DE MATOS VELHOS<\/a><\/td>\n<td><img loading=\"lazy\" decoding=\"async\" src=\"https:\/\/aalisboa.com.pt\/2023\/wp-content\/uploads\/2025\/03\/GRUPO-DE-ATLETISMO-SUPER-ESTRELAS.jpeg\" alt=\"\" width=\"80\" height=\"80\" \/><a href=\"http:\/\/www.sfraa.pt\/\"> GRUPO DE ATLETISMO SUPER ESTRELAS<\/a><\/td>\n<td><img loading=\"lazy\" decoding=\"async\" src=\"https:\/\/aalisboa.files.wordpress.com\/2023\/04\/image-66.png?w=1024\" alt=\"\" width=\"80\" height=\"80\" \/><a href=\"https:\/\/www.facebook.com\/groups\/283773221715120\/\">GRUPO DESPORTIVO E RECREATIVO DA REBOLEIRA<\/a><\/td>\n<\/tr>\n<tr>\n<td><img loading=\"lazy\" decoding=\"async\" src=\"https:\/\/aalisboa.files.wordpress.com\/2023\/04\/image-36.png?w=263\" alt=\"\" width=\"80\" height=\"80\" \/>GRUPO DESPORTIVO DE CHELAS<\/td>\n<td><img loading=\"lazy\" decoding=\"async\" src=\"https:\/\/aalisboa.files.wordpress.com\/2023\/04\/image-67.png?w=212\" alt=\"\" width=\"80\" height=\"80\" \/><a href=\"https:\/\/www.facebook.com\/gdrcponterrolense1941\/?locale=pt_PT\">GRUPO DESPORTIVO RECREATIVO E CULTURAL PONTERROLENSE<\/a><\/td>\n<td><img loading=\"lazy\" decoding=\"async\" src=\"https:\/\/aalisboa.files.wordpress.com\/2023\/04\/image-68.png?w=318\" alt=\"\" width=\"80\" height=\"80\" \/><a href=\"https:\/\/www.facebook.com\/people\/Grupo-Desportivo-S%C3%A3o-Domingos\/100057683490540\/?locale=pt_PT\">GRUPO DESPORTIVO S\u00c3O DOMINGOS<\/a><\/td>\n<\/tr>\n<tr>\n<td><img loading=\"lazy\" decoding=\"async\" src=\"https:\/\/aalisboa.files.wordpress.com\/2023\/04\/image-69.png?w=719\" alt=\"\" width=\"80\" height=\"80\" \/><a href=\"http:\/\/bdureza.blogspot.com\/2010\/11\/o-grupo-desportivo-recreativo-e.html\">GRUPO DESPORTIVO, RECREATIVO E CULTURAL \u201cOS CARREGUEIRENSES\u201d<\/a><\/td>\n<td><img decoding=\"async\" src=\"https:\/\/aalisboa.files.wordpress.com\/2023\/04\/image-70.png?w=73\" alt=\"\" width=\"80\" \/><a href=\"http:\/\/gm1dezembroqueijas.pt\/\">GRUPO MUSICAL 1\u00ba DE DEZEMBRO DE QUEIJAS<\/a><\/td>\n<td><img loading=\"lazy\" decoding=\"async\" src=\"https:\/\/aalisboa.files.wordpress.com\/2023\/04\/image-71.png?w=460\" alt=\"\" width=\"80\" height=\"80\" \/><a href=\"https:\/\/www.facebook.com\/grcdleiao\/?locale=pt_PT\">GRUPO RECREATIVO CULTURAL E DESPORTIVO DE LEI\u00c3O<\/a><\/td>\n<\/tr>\n<tr>\n<td><img loading=\"lazy\" decoding=\"async\" src=\"https:\/\/aalisboa.files.wordpress.com\/2023\/04\/image-72.png?w=958\" alt=\"\" width=\"80\" height=\"80\" \/><a href=\"https:\/\/www.facebook.com\/people\/Grupo-Sportivo-Adicense\/100063464494039\/?locale=pt_PT\">GRUPO SPORTIVO ADICENSE<\/a><\/td>\n<td><img loading=\"lazy\" decoding=\"async\" src=\"https:\/\/aalisboa.files.wordpress.com\/2023\/04\/image-73.png?w=64\" alt=\"\" width=\"80\" height=\"80\" \/><a href=\"https:\/\/www.mtba.pt\/\">GRUPO UNI\u00c3O RECREATIVO E DESPORTIVO MTBA<\/a><\/td>\n<td><img loading=\"lazy\" decoding=\"async\" src=\"https:\/\/aalisboa.files.wordpress.com\/2023\/04\/image-74.png?w=202\" alt=\"\" width=\"80\" height=\"80\" \/><a href=\"https:\/\/www.inglesesfc.com\/menu\/\">INGLESES FUTEBOL CLUBE<\/a><\/td>\n<\/tr>\n<tr>\n<td><img loading=\"lazy\" decoding=\"async\" src=\"https:\/\/aalisboa.files.wordpress.com\/2023\/04\/image-75.png?w=1024\" alt=\"\" width=\"80\" height=\"80\" \/><a href=\"https:\/\/www.facebook.com\/internacionalsportclube\/?locale=pt_BR\">INTER SPORT CLUBE<\/a><\/td>\n<td><img loading=\"lazy\" decoding=\"async\" src=\"https:\/\/aalisboa.files.wordpress.com\/2023\/04\/image-77.png?w=180\" alt=\"\" width=\"80\" height=\"80\" \/><a href=\"http:\/\/www.clubejoma.com.pt\/\">JUVENTUDE OPER\u00c1RIA DO MONTE ABRA\u00c3O<\/a><\/td>\n<td><img loading=\"lazy\" decoding=\"async\" src=\"https:\/\/aalisboa.files.wordpress.com\/2023\/04\/image-78.png?w=1024\" alt=\"\" width=\"80\" height=\"80\" \/><a href=\"https:\/\/www.facebook.com\/lindaapastorasc\/?locale=pt_BR\">LINDA-A-PASTORA SPORTING CLUBE<\/a><\/td>\n<\/tr>\n<tr>\n<td><img loading=\"lazy\" decoding=\"async\" src=\"https:\/\/aalisboa.files.wordpress.com\/2023\/04\/image-79.png?w=225\" alt=\"\" width=\"80\" height=\"80\" \/><a href=\"https:\/\/www.uniao-alcd.pt\/contactos\/associacoes-e-colectividades\/178-lis-running-clube-de-praticantes-de-atletismo.html\">LISRUNNING CLUBE DE PRATICANTES DE ATLETISMO<\/a><\/td>\n<td><img loading=\"lazy\" decoding=\"async\" src=\"https:\/\/aalisboa.files.wordpress.com\/2023\/04\/image-80.png?w=300\" alt=\"\" width=\"80\" height=\"80\" \/><a href=\"https:\/\/lxtriathlon.com\/\">LXTRIATHLON- CLUBE DE TRIATLO DE LISBOA<\/a><\/td>\n<td><img decoding=\"async\" src=\"https:\/\/aalisboa.files.wordpress.com\/2023\/04\/image-81.png?w=342\" alt=\"\" \/><a href=\"https:\/\/www.maratonaclubedeportugal.com\/?utm_source=google&amp;utm_medium=cpc&amp;utm_campaign=maratona_portugal&amp;utm_term=sucesso&amp;gad=1&amp;gclid=CjwKCAjwuqiiBhBtEiwATgvixHCET3PrMJZTKIchK3w4U2wCCW4nn8qdOfVhBUguHCSCwO13Hpa27RoCL0AQAvD_BwE\">MARATONA CLUBE DE PORTUGAL<\/a><\/td>\n<\/tr>\n<tr>\n<td><img loading=\"lazy\" decoding=\"async\" src=\"https:\/\/aalisboa.files.wordpress.com\/2023\/04\/image-82.png?w=92\" alt=\"\" width=\"80\" height=\"80\" \/><a href=\"https:\/\/www.facebook.com\/MonteAgracoFC\/?locale=pt_PT\">MONTE AGRA\u00c7O FUTEBOL CLUBE<\/a><\/td>\n<td><img loading=\"lazy\" decoding=\"async\" src=\"https:\/\/aalisboa.files.wordpress.com\/2023\/04\/image-83.png?w=1024\" alt=\"\" width=\"80\" height=\"80\" \/><a href=\"https:\/\/www.facebook.com\/mcttms\/\">MOTOCLUBE TT MONTES SALOIOS<\/a><\/td>\n<td><img loading=\"lazy\" decoding=\"async\" src=\"https:\/\/aalisboa.files.wordpress.com\/2023\/04\/image-84.png?w=92\" alt=\"\" width=\"80\" height=\"80\" \/><a href=\"https:\/\/nazaboboda.wixsite.com\/nazaboboda\"> N\u00daCLEO ATLETISMO ZONA AB\u00d3BODA<\/a><\/td>\n<\/tr>\n<tr>\n<td><img loading=\"lazy\" decoding=\"async\" src=\"https:\/\/aalisboa.com.pt\/2023\/wp-content\/uploads\/2025\/03\/correr-loures.jpg\" alt=\"\" width=\"80\" height=\"80\" \/><a href=\"https:\/\/www.facebook.com\/correrLoures\/?locale=pt_PT\"> RUN17K LOURES \u2013 ASSOCIA\u00c7\u00c3O DESPORTIVA<\/a><\/td>\n<td><img loading=\"lazy\" decoding=\"async\" src=\"https:\/\/aalisboa.files.wordpress.com\/2023\/04\/image-86.png?w=225\" alt=\"\" width=\"80\" height=\"80\" \/><a href=\"http:\/\/www.sfraa.pt\/\"> SOCIEDADE FILARMONICA DE APOIO SOCIAL E RECREIO ARTIST\u00cdCO DA AMADORA<\/a><\/td>\n<td><img loading=\"lazy\" decoding=\"async\" src=\"https:\/\/aalisboa.files.wordpress.com\/2023\/04\/image-87.png?w=206\" alt=\"\" width=\"80\" height=\"80\" \/><a href=\"https:\/\/www.torreense.com\/pt\/\"> SPORT CLUBE UNI\u00c3O TORREENSE<\/a><\/td>\n<\/tr>\n<tr>\n<td><img loading=\"lazy\" decoding=\"async\" src=\"https:\/\/aalisboa.files.wordpress.com\/2023\/04\/image-88.png?w=502\" alt=\"\" width=\"80\" height=\"80\" \/><a href=\"https:\/\/aalisboa.wordpress.com\/clubes-filiados\/\"> SPORT LISBOA E BENFICA<\/a><\/td>\n<td><img loading=\"lazy\" decoding=\"async\" src=\"https:\/\/aalisboa.files.wordpress.com\/2023\/04\/image-89.png?w=193\" alt=\"\" width=\"80\" height=\"80\" \/><a href=\"https:\/\/screboleiradamaia.wixsite.com\/sportingcrd\"> SPORTING CLUBE DA REBOLEIRA E DAMAIA<\/a><\/td>\n<td><img loading=\"lazy\" decoding=\"async\" src=\"https:\/\/aalisboa.files.wordpress.com\/2023\/04\/image-90.png?w=194\" alt=\"\" width=\"80\" height=\"80\" \/><a href=\"https:\/\/www.sporting.pt\/pt\"> SPORTING CLUBE DE PORTUGAL<\/a><\/td>\n<\/tr>\n<tr>\n<td><img loading=\"lazy\" decoding=\"async\" src=\"https:\/\/aalisboa.files.wordpress.com\/2023\/04\/image-91.png?w=225\" alt=\"\" width=\"80\" height=\"80\" \/><a href=\"https:\/\/sclourinhanense.footeo.com\/\">SPORTING CLUBE LOURINHANENSE<\/a><\/td>\n<td><img loading=\"lazy\" decoding=\"async\" src=\"https:\/\/aalisboa.files.wordpress.com\/2023\/04\/image-92.png?w=225\" alt=\"\" width=\"80\" height=\"80\" \/><a href=\"https:\/\/www.facebook.com\/UAP1942\/?locale=pt_PT\"> UNI\u00c3O ATL\u00c9TICO POVOENSE<\/a><\/td>\n<td><img loading=\"lazy\" decoding=\"async\" src=\"https:\/\/aalisboa.files.wordpress.com\/2023\/04\/image-93.png?w=225\" alt=\"\" width=\"80\" height=\"80\" \/><a href=\"https:\/\/www.facebook.com\/udpf49\/?locale=pt_PT\"> UNI\u00c3O DESPORTIVA DA PONTE DE FRIELAS<\/a><\/td>\n<\/tr>\n<tr>\n<td><img loading=\"lazy\" decoding=\"async\" src=\"https:\/\/aalisboa.files.wordpress.com\/2023\/04\/image-94.png?w=225\" alt=\"\" width=\"80\" height=\"80\" \/><a href=\"https:\/\/www.facebook.com\/profile.php?id=149397445124005&amp;paipv=0&amp;eav=AfaB0Z_pqxf1yfa_qownTIqZTD3Y9upJxdCeX56WRy3A-RgZEZpkxbTpL0fO-_mcvvE&amp;_rdr\"> UNI\u00c3O SPORT CLUBE MIRA SINTRA<\/a><\/td>\n<td><img loading=\"lazy\" decoding=\"async\" src=\"https:\/\/aalisboa.files.wordpress.com\/2023\/04\/image-95.png?w=1024\" alt=\"\" width=\"80\" height=\"80\" \/><a href=\"https:\/\/www.facebook.com\/urbanrunteam\/?locale=pt_PT\"> URT URBAN RUN TEAM \u2013 ASSOCIA\u00c7\u00c3O<\/a><\/td>\n<td><img loading=\"lazy\" decoding=\"async\" src=\"https:\/\/aalisboa.com.pt\/2023\/wp-content\/uploads\/2025\/03\/ASSOCIACAO-DESPORTIVA-E-RECREATIVA-O-RELAMPAGO.png\" alt=\"\" width=\"80\" height=\"80\" \/><a href=\"https:\/\/adrrelampago.pt\/\"> ASSOCIA\u00c7\u00c3O DESPORTIVA E RECREATIVA O REL\u00c2MPAGO<\/a><\/td>\n<\/tr>\n<tr>\n<td><img loading=\"lazy\" decoding=\"async\" src=\"https:\/\/aalisboa.com.pt\/2023\/wp-content\/uploads\/2025\/03\/FUNDACAO-SALESIANOS.png\" alt=\"\" width=\"80\" height=\"80\" \/><a href=\"https:\/\/www.facebook.com\/lisboasalesianos\/?locale=pt_PT\"> FUNDA\u00c7\u00c3O SALESIANOS<\/a><\/td>\n<td>\n<p><img loading=\"lazy\" decoding=\"async\" src=\"https:\/\/aalisboa.com.pt\/2023\/wp-content\/uploads\/2025\/03\/CR-Espirito-Santo.png\" alt=\"\" width=\"80\" height=\"80\" \/>CLUBE RECREATIVO ESP\u00cdRITO SANTO DE ODIVELAS<\/p>\n<\/td>\n<td><img loading=\"lazy\" decoding=\"async\" src=\"https:\/\/aalisboa.com.pt\/2023\/wp-content\/uploads\/2025\/03\/Academia-Musical-1o-Junho-1893.png\" alt=\"\" width=\"80\" height=\"80\" \/><a href=\"https:\/\/www.facebook.com\/CoroAcademiaMusical1Junho\/\"> Academia Musical 1\u00ba Junho 1893<\/a><\/td>\n<\/tr>\n<tr>\n<td><img loading=\"lazy\" decoding=\"async\" src=\"https:\/\/aalisboa.com.pt\/2023\/wp-content\/uploads\/2025\/03\/ACADEMIA-RECREATIVA-DE-LINDA.jpg\" alt=\"\" width=\"80\" height=\"80\" \/><a href=\"https:\/\/www.facebook.com\/academiarecreativa.lav\/\"> ACADEMIA RECREATIVA DE LINDA-A-VELHA<br \/><\/a><\/td>\n<td>\n<p><img loading=\"lazy\" decoding=\"async\" src=\"https:\/\/aalisboa.com.pt\/2023\/wp-content\/uploads\/2025\/03\/ASSOCIACAO-CULTURAL-E-RECREATIVA.jpg\" width=\"80\" height=\"80\" \/><a href=\"https:\/\/www.facebook.com\/ATEPSintra\/\"> ASSOCIA\u00c7\u00c3O CULTURAL E RECREATIVA ATEPS <\/a><\/p>\n<\/td>\n<td><img loading=\"lazy\" decoding=\"async\" src=\"https:\/\/aalisboa.com.pt\/2023\/wp-content\/uploads\/2025\/03\/Associacao-Vitor-Baptista.jpg\" width=\"80\" height=\"80\" \/><a href=\"https:\/\/www.facebook.com\/AssociacaoVitorBaptista\"> Associa\u00e7\u00e3o Vitor Baptista<\/a><\/td>\n<\/tr>\n<tr>\n<td><img loading=\"lazy\" decoding=\"async\" src=\"https:\/\/aalisboa.com.pt\/2023\/wp-content\/uploads\/2025\/03\/ASSOCIACAO-DE-MELHORAMENTOS-DE-A-DOS-CUNHADOS.jpeg\" alt=\"\" width=\"80\" height=\"80\" \/> ASSOCIA\u00c7\u00c3O DE MELHORAMENTOS DE A DOS CUNHADOS<\/td>\n<td>\n<p><img loading=\"lazy\" decoding=\"async\" src=\"https:\/\/aalisboa.com.pt\/2023\/wp-content\/uploads\/2025\/03\/CLUBE-DESPORTIVO-DA-VENDA-DO-PINHEIRO.png\" alt=\"\" width=\"80\" height=\"80\" \/><a href=\"https:\/\/www.facebook.com\/CDVendadoPinheiro\/\"> CLUBE DESPORTIVO DA VENDA DO PINHEIRO<\/a><\/p>\n<\/td>\n<td>\n<p><img loading=\"lazy\" decoding=\"async\" src=\"https:\/\/aalisboa.com.pt\/2023\/wp-content\/uploads\/2025\/03\/CLUBE-DE-NATACAO-DE-BEMFICA-CNB-2022-Monsanto-Vermelhos.jpg\" alt=\"\" width=\"80\" height=\"80\" \/> CLUBE DE NATA\u00c7\u00c3O DE BENFICA &#8211; CNB 2022 Monsanto Vermelhos<\/p>\n<\/td>\n<\/tr>\n<tr>\n<td><img loading=\"lazy\" decoding=\"async\" src=\"https:\/\/aalisboa.com.pt\/2023\/wp-content\/uploads\/2025\/03\/CASA-PIA-ATLETICO-CLUBE.png\" alt=\"\" width=\"80\" height=\"80\" \/> <a href=\"https:\/\/www.casapiaac.pt\/\">CASA PIA ATL\u00c9TICO CLUBE &#8211; ATENEU CASAPIANO<\/a><\/td>\n<td>\n<p><img loading=\"lazy\" decoding=\"async\" src=\"https:\/\/aalisboa.com.pt\/2023\/wp-content\/uploads\/2025\/03\/GRUPO-RECREATIVO-E-DESPORTIVO-OS-FIXES.jpg\" alt=\"\" width=\"80\" height=\"80\" \/><a href=\"https:\/\/www.facebook.com\/p\/GRUPO-RECREATIVO-E-DESPORTIVO-OS-FIXES-100063555925013\/?locale=pt_PT\"> GRUPO RECREATIVO E DESPORTIVO &#8220;OS FIXES&#8221;<\/a><\/p>\n<\/td>\n<td><img loading=\"lazy\" decoding=\"async\" src=\"https:\/\/aalisboa.com.pt\/2023\/wp-content\/uploads\/2025\/03\/TOTTA.png\" alt=\"\" width=\"80\" height=\"80\" \/><a href=\"https:\/\/www.facebook.com\/GDSantanderTotta\/?locale=pt_BR\"> GRUPO DESPORTIVO SANTANDER TOTTA<\/a><\/td>\n<\/tr>\n<tr>\n<td><img loading=\"lazy\" decoding=\"async\" src=\"https:\/\/aalisboa.com.pt\/2023\/wp-content\/uploads\/2025\/03\/NUCLEO-SPORTINGUISTA-DA-LOURINHA.jpeg\" alt=\"\" width=\"80\" height=\"80\" \/><a href=\"https:\/\/www.facebook.com\/profile.php?id=100069779017540\"> N\u00daCLEO SPORTINGUISTA DA LOURINH\u00c3<br \/><\/a><\/td>\n<td>\n<p><img loading=\"lazy\" decoding=\"async\" src=\"https:\/\/aalisboa.com.pt\/2023\/wp-content\/uploads\/2025\/03\/Associacao-Portugal-Talentus.jpg\" alt=\"\" width=\"80\" height=\"80\" \/><a href=\"https:\/\/www.facebook.com\/people\/Assoc-Portugal-Talentus\/100012083203064\/\"> Associa\u00e7\u00e3o Portugal Talentus<\/a><\/p>\n<\/td>\n<td><img loading=\"lazy\" decoding=\"async\" src=\"https:\/\/aalisboa.com.pt\/2023\/wp-content\/uploads\/2025\/03\/SPORTING-CLUBE-MOITENSE-1.jpg\" alt=\"\" width=\"80\" height=\"80\" \/><a href=\"https:\/\/www.facebook.com\/p\/Sporting-Clube-Moitense-61555444811166\/\"> SPORTING CLUBE MOITENSE<\/a><\/td>\n<\/tr>\n<tr>\n<td><img loading=\"lazy\" decoding=\"async\" src=\"https:\/\/aalisboa.com.pt\/2023\/wp-content\/uploads\/2025\/03\/SANTANA-FUTEBOL-CLUBE.png\" width=\"80\" height=\"80\" \/><a href=\"https:\/\/www.facebook.com\/SantanaFutebolClube1920\/\"> SANTANA FUTEBOL CLUBE<br \/><\/a><\/td>\n<td>\n<p><img loading=\"lazy\" decoding=\"async\" src=\"https:\/\/aalisboa.com.pt\/2023\/wp-content\/uploads\/2025\/03\/SPORT-UNIAO-COLARENSE.jpg\" alt=\"\" width=\"80\" height=\"80\" \/><a href=\"https:\/\/www.facebook.com\/p\/Sport-Uni%C3%A3o-Colarense-100091394378730\/\"> SPORT UNI\u00c3O COLARENSE<\/a><\/p>\n<\/td>\n<td><img loading=\"lazy\" decoding=\"async\" src=\"https:\/\/aalisboa.com.pt\/2023\/wp-content\/uploads\/2025\/03\/UNIAO-RECREATIVA-E-CULTURAL-DA-ABRUNHEIRA.jpg\" alt=\"\" width=\"80\" height=\"80\" \/><a href=\"https:\/\/www.facebook.com\/UniaoRecreativaCulturalAbrunheira\/?locale=pt_PT\"> UNI\u00c3O RECREATIVA E CULTURAL DA ABRUNHEIRA<\/a><\/td>\n<\/tr>\n<tr>\n<td><img loading=\"lazy\" decoding=\"async\" src=\"https:\/\/aalisboa.com.pt\/2023\/wp-content\/uploads\/2025\/03\/VALEJAS-ATLETICO-CLUBE.jpg\" alt=\"\" width=\"80\" height=\"80\" \/><a href=\"https:\/\/www.facebook.com\/valejasacdesporto\/?locale=pt_PT\"> VALEJAS ATL\u00c9TICO CLUBE<\/a><\/td>\n<td>\n<p><img loading=\"lazy\" decoding=\"async\" src=\"https:\/\/aalisboa.com.pt\/2023\/wp-content\/uploads\/2025\/03\/SPORTPONTOCOME.jpg\" alt=\"\" width=\"80\" height=\"80\" \/><a href=\"https:\/\/www.facebook.com\/SPORTpontoCOME\/?locale=pt_PT\"> SPORTPONTOCOME<\/a><\/p>\n<\/td>\n<td><img loading=\"lazy\" decoding=\"async\" src=\"https:\/\/aalisboa.com.pt\/2023\/wp-content\/uploads\/2025\/03\/CLUBE-OGMA.jpg\" alt=\"\" width=\"80\" height=\"80\" \/><a href=\"https:\/\/www.facebook.com\/Clube.OGMA\/?locale=pt_PT\">CLUBE OGMA<\/a><\/td>\n<\/tr>\n<tr>\n<td><img loading=\"lazy\" decoding=\"async\" src=\"https:\/\/aalisboa.com.pt\/2023\/wp-content\/uploads\/2025\/03\/GRUPO-DESPORTIVO-E-CULTURAL-DOS-COLABORADORES-DA-FIDELIDADE-COMPANHIA-DE-SEGUROS.jpg\" alt=\"\" width=\"80\" height=\"80\" \/><a href=\"https:\/\/www.facebook.com\/gdcfidelidade\/?locale=pt_PT\">GRUPO DESPORTIVO E CULTURAL DOS COLABORADORES DA FIDELIDADE COMPANHIA DE SEGUROS <\/a><\/td>\n<\/tr>\n<\/tbody>\n<\/table>\n<\/figure>\n<p><!-- \/wp:table --><\/p>\t\t\t\t\t\t\t\t<\/div>\n\t\t\t\t<\/div>\n\t\t\t\t\t<\/div>\n\t\t\t\t<\/div>\n\t\t\t\t<\/div>\n\t\t","protected":false},"excerpt":{"rendered":"<p>ASSOCIA\u00c7\u00c3O DOS AMIGOS DO ATLETISMO DE MAFRA ASSOCIA\u00c7\u00c3O ATL\u00c9TICA DO P\u00caGO LONGO ASSOC. CULT. DESP. DOS COLABORADORES DO GRUPO BANCO COMERCIAL PORTUGU\u00caS ASSOCIA\u00c7\u00c3O CULTURAL E RECREATIVA DA MEALHADA ASSOCIA\u00c7\u00c3O DESPORTIVA [&hellip;]<\/p>\n","protected":false},"author":1,"featured_media":0,"parent":0,"menu_order":0,"comment_status":"closed","ping_status":"closed","template":"","meta":{"footnotes":""},"categories":[9],"class_list":["post-149","page","type-page","status-publish","hentry","category-associacao-de-atletismo-de-lisboa"],"_links":{"self":[{"href":"https:\/\/aalisboa.com.pt\/2023\/wp-json\/wp\/v2\/pages\/149","targetHints":{"allow":["GET"]}}],"collection":[{"href":"https:\/\/aalisboa.com.pt\/2023\/wp-json\/wp\/v2\/pages"}],"about":[{"href":"https:\/\/aalisboa.com.pt\/2023\/wp-json\/wp\/v2\/types\/page"}],"author":[{"embeddable":true,"href":"https:\/\/aalisboa.com.pt\/2023\/wp-json\/wp\/v2\/users\/1"}],"replies":[{"embeddable":true,"href":"https:\/\/aalisboa.com.pt\/2023\/wp-json\/wp\/v2\/comments?post=149"}],"version-history":[{"count":4,"href":"https:\/\/aalisboa.com.pt\/2023\/wp-json\/wp\/v2\/pages\/149\/revisions"}],"predecessor-version":[{"id":1464,"href":"https:\/\/aalisboa.com.pt\/2023\/wp-json\/wp\/v2\/pages\/149\/revisions\/1464"}],"wp:attachment":[{"href":"https:\/\/aalisboa.com.pt\/2023\/wp-json\/wp\/v2\/media?parent=149"}],"wp:term":[{"taxonomy":"category","embeddable":true,"href":"https:\/\/aalisboa.com.pt\/2023\/wp-json\/wp\/v2\/categories?post=149"}],"curies":[{"name":"wp","href":"https:\/\/api.w.org\/{rel}","templated":true}]}}